{"id":3113,"date":"2021-08-15T16:40:37","date_gmt":"2021-08-15T16:40:37","guid":{"rendered":"https:\/\/etanaka.tk\/?page_id=3113"},"modified":"2025-11-17T13:08:34","modified_gmt":"2025-11-17T13:08:34","slug":"consul-general","status":"publish","type":"page","link":"https:\/\/deu.mirex.gob.do\/consular\/hamburgo\/consul-general\/","title":{"rendered":"Despacho del C\u00f3nsul"},"content":{"rendered":"\t\t<div data-elementor-type=\"wp-page\" data-elementor-id=\"3113\" class=\"elementor elementor-3113\" data-elementor-post-type=\"page\">\n\t\t\t\t\t\t<section class=\"elementor-section elementor-top-section elementor-element elementor-element-08f1789 elementor-section-height-min-height elementor-section-boxed elementor-section-height-default elementor-section-items-middle\" data-id=\"08f1789\" data-element_type=\"section\" data-e-type=\"section\" data-settings=\"{&quot;background_background&quot;:&quot;slideshow&quot;,&quot;background_slideshow_gallery&quot;:[{&quot;id&quot;:3434,&quot;url&quot;:&quot;https:\\\/\\\/cze.mirex.gob.do\\\/consular\\\/praga\\\/wp-content\\\/uploads\\\/2021\\\/08\\\/sliderservicios-4.png&quot;}],&quot;background_slideshow_loop&quot;:&quot;yes&quot;,&quot;background_slideshow_slide_duration&quot;:5000,&quot;background_slideshow_slide_transition&quot;:&quot;fade&quot;,&quot;background_slideshow_transition_duration&quot;:500}\">\n\t\t\t\t\t\t\t<div class=\"elementor-background-overlay\"><\/div>\n\t\t\t\t\t\t\t<div class=\"elementor-container elementor-column-gap-default\">\n\t\t\t\t\t<div class=\"elementor-column elementor-col-100 elementor-top-column elementor-element elementor-element-c9a19e4\" data-id=\"c9a19e4\" data-element_type=\"column\" data-e-type=\"column\">\n\t\t\t<div class=\"elementor-widget-wrap elementor-element-populated\">\n\t\t\t\t\t\t<div class=\"elementor-element elementor-element-042a157 elementor-invisible elementor-widget elementor-widget-heading\" data-id=\"042a157\" data-element_type=\"widget\" data-e-type=\"widget\" data-settings=\"{&quot;_animation&quot;:&quot;fadeInDown&quot;}\" data-widget_type=\"heading.default\">\n\t\t\t\t<div class=\"elementor-widget-container\">\n\t\t\t\t\t<h2 class=\"elementor-heading-title elementor-size-medium\">SOBRE NOSOTROS<\/h2>\t\t\t\t<\/div>\n\t\t\t\t<\/div>\n\t\t\t\t<div class=\"elementor-element elementor-element-e15efb1 elementor-invisible elementor-widget elementor-widget-heading\" data-id=\"e15efb1\" data-element_type=\"widget\" data-e-type=\"widget\" data-settings=\"{&quot;_animation&quot;:&quot;fadeInDown&quot;}\" data-widget_type=\"heading.default\">\n\t\t\t\t<div class=\"elementor-widget-container\">\n\t\t\t\t\t<h2 class=\"elementor-heading-title elementor-size-default\">DESPACHO DEL C\u00d3NSUL<\/h2>\t\t\t\t<\/div>\n\t\t\t\t<\/div>\n\t\t\t\t\t<\/div>\n\t\t<\/div>\n\t\t\t\t\t<\/div>\n\t\t<\/section>\n\t\t\t\t<section class=\"elementor-section elementor-top-section elementor-element elementor-element-3bff9a1 breadcrumbs elementor-section-boxed elementor-section-height-default elementor-section-height-default\" data-id=\"3bff9a1\" data-element_type=\"section\" data-e-type=\"section\" data-settings=\"{&quot;background_background&quot;:&quot;classic&quot;}\">\n\t\t\t\t\t\t<div class=\"elementor-container elementor-column-gap-default\">\n\t\t\t\t\t<div class=\"elementor-column elementor-col-100 elementor-top-column elementor-element elementor-element-65784ab\" data-id=\"65784ab\" data-element_type=\"column\" data-e-type=\"column\">\n\t\t\t<div class=\"elementor-widget-wrap elementor-element-populated\">\n\t\t\t\t\t\t<div class=\"elementor-element elementor-element-f709475 elementor-widget elementor-widget-text-editor\" data-id=\"f709475\" data-element_type=\"widget\" data-e-type=\"widget\" data-widget_type=\"text-editor.default\">\n\t\t\t\t<div class=\"elementor-widget-container\">\n\t\t\t\t\t\t\t\t\t<div class=\"breadcrumbs\"><strong>Est\u00e1s aqu\u00ed: <\/strong><a class=\"crumb-inactive\" href=\"\/\">Inicio<\/a> \u00bb <span class=\"crumb-inactive\">Sobre Nosotros<\/span> \u00bb <span class=\"crumb-active\">Despacho del C\u00f3nsul<\/span><\/div>\t\t\t\t\t\t\t\t<\/div>\n\t\t\t\t<\/div>\n\t\t\t\t\t<\/div>\n\t\t<\/div>\n\t\t\t\t\t<\/div>\n\t\t<\/section>\n\t\t\t\t<section class=\"elementor-section elementor-top-section elementor-element elementor-element-c12623b elementor-section-boxed elementor-section-height-default elementor-section-height-default\" data-id=\"c12623b\" data-element_type=\"section\" data-e-type=\"section\">\n\t\t\t\t\t\t<div class=\"elementor-container elementor-column-gap-default\">\n\t\t\t\t\t<div class=\"elementor-column elementor-col-50 elementor-top-column elementor-element elementor-element-e1e9cca elementor-hidden-tablet elementor-hidden-mobile\" data-id=\"e1e9cca\" data-element_type=\"column\" data-e-type=\"column\">\n\t\t\t<div class=\"elementor-widget-wrap elementor-element-populated\">\n\t\t\t\t\t\t<section class=\"elementor-section elementor-inner-section elementor-element elementor-element-1515a1d animated-slow elementor-section-boxed elementor-section-height-default elementor-section-height-default elementor-invisible\" data-id=\"1515a1d\" data-element_type=\"section\" data-e-type=\"section\" data-settings=\"{&quot;animation&quot;:&quot;fadeInLeft&quot;}\">\n\t\t\t\t\t\t<div class=\"elementor-container elementor-column-gap-default\">\n\t\t\t\t\t<div class=\"elementor-column elementor-col-100 elementor-inner-column elementor-element elementor-element-b83718a\" data-id=\"b83718a\" data-element_type=\"column\" data-e-type=\"column\">\n\t\t\t<div class=\"elementor-widget-wrap elementor-element-populated\">\n\t\t\t\t\t\t<div class=\"elementor-element elementor-element-ffa10f6 elementor-widget elementor-widget-heading\" data-id=\"ffa10f6\" data-element_type=\"widget\" data-e-type=\"widget\" data-widget_type=\"heading.default\">\n\t\t\t\t<div class=\"elementor-widget-container\">\n\t\t\t\t\t<h6 class=\"elementor-heading-title elementor-size-default\">ENLACES DE LA SECCI\u00d3N<\/h6>\t\t\t\t<\/div>\n\t\t\t\t<\/div>\n\t\t\t\t<div class=\"elementor-element elementor-element-0acf679 elementor-nav-menu__align-start elementor-nav-menu--dropdown-tablet elementor-nav-menu__text-align-aside elementor-nav-menu--toggle elementor-nav-menu--burger elementor-widget elementor-widget-nav-menu\" data-id=\"0acf679\" data-element_type=\"widget\" data-e-type=\"widget\" data-settings=\"{&quot;layout&quot;:&quot;vertical&quot;,&quot;submenu_icon&quot;:{&quot;value&quot;:&quot;&lt;i class=\\&quot;fas fa-caret-down\\&quot; aria-hidden=\\&quot;true\\&quot;&gt;&lt;\\\/i&gt;&quot;,&quot;library&quot;:&quot;fa-solid&quot;},&quot;toggle&quot;:&quot;burger&quot;}\" data-widget_type=\"nav-menu.default\">\n\t\t\t\t<div class=\"elementor-widget-container\">\n\t\t\t\t\t\t\t\t<nav aria-label=\"Menu\" class=\"elementor-nav-menu--main elementor-nav-menu__container elementor-nav-menu--layout-vertical e--pointer-none\">\n\t\t\t\t<ul id=\"menu-1-0acf679\" class=\"elementor-nav-menu sm-vertical\"><li class=\"menu-item menu-item-type-post_type menu-item-object-page menu-item-3082\"><a href=\"https:\/\/deu.mirex.gob.do\/consular\/hamburgo\/quienes-somos\/\" class=\"elementor-item menu-link\">\u00bfQui\u00e9nes Somos?<\/a><\/li>\n<li class=\"menu-item menu-item-type-post_type menu-item-object-page menu-item-3089\"><a href=\"https:\/\/deu.mirex.gob.do\/consular\/hamburgo\/historia\/\" class=\"elementor-item menu-link\">Historia<\/a><\/li>\n<li class=\"menu-item menu-item-type-post_type menu-item-object-page menu-item-3105\"><a href=\"https:\/\/deu.mirex.gob.do\/consular\/hamburgo\/organigrama\/\" class=\"elementor-item menu-link\">Organigrama<\/a><\/li>\n<li class=\"menu-item menu-item-type-post_type menu-item-object-page menu-item-3121\"><a href=\"https:\/\/deu.mirex.gob.do\/consular\/hamburgo\/consul-general\/\" class=\"elementor-item menu-link\">Despacho del C\u00f3nsul<\/a><\/li>\n<li class=\"menu-item menu-item-type-post_type menu-item-object-page menu-item-6233\"><a href=\"https:\/\/deu.mirex.gob.do\/consular\/hamburgo\/perfiles-de-funcionarios\/\" class=\"elementor-item menu-link\">Perfiles de Funcionarios<\/a><\/li>\n<li class=\"menu-item menu-item-type-post_type menu-item-object-page menu-item-3142\"><a href=\"https:\/\/deu.mirex.gob.do\/consular\/hamburgo\/marco-legal\/\" class=\"elementor-item menu-link\">Marco Legal<\/a><\/li>\n<li class=\"menu-item menu-item-type-post_type menu-item-object-page menu-item-6292\"><a href=\"https:\/\/deu.mirex.gob.do\/consular\/hamburgo\/concurrencia\/\" class=\"elementor-item menu-link\">Concurrencia<\/a><\/li>\n<\/ul>\t\t\t<\/nav>\n\t\t\t\t\t<div class=\"elementor-menu-toggle\" role=\"button\" tabindex=\"0\" aria-label=\"Menu Toggle\" aria-expanded=\"false\">\n\t\t\t<i aria-hidden=\"true\" role=\"presentation\" class=\"elementor-menu-toggle__icon--open eicon-menu-bar\"><\/i><i aria-hidden=\"true\" role=\"presentation\" class=\"elementor-menu-toggle__icon--close eicon-close\"><\/i>\t\t<\/div>\n\t\t\t\t\t<nav class=\"elementor-nav-menu--dropdown elementor-nav-menu__container\" aria-hidden=\"true\">\n\t\t\t\t<ul id=\"menu-2-0acf679\" class=\"elementor-nav-menu sm-vertical\"><li class=\"menu-item menu-item-type-post_type menu-item-object-page menu-item-3082\"><a href=\"https:\/\/deu.mirex.gob.do\/consular\/hamburgo\/quienes-somos\/\" class=\"elementor-item menu-link\" tabindex=\"-1\">\u00bfQui\u00e9nes Somos?<\/a><\/li>\n<li class=\"menu-item menu-item-type-post_type menu-item-object-page menu-item-3089\"><a href=\"https:\/\/deu.mirex.gob.do\/consular\/hamburgo\/historia\/\" class=\"elementor-item menu-link\" tabindex=\"-1\">Historia<\/a><\/li>\n<li class=\"menu-item menu-item-type-post_type menu-item-object-page menu-item-3105\"><a href=\"https:\/\/deu.mirex.gob.do\/consular\/hamburgo\/organigrama\/\" class=\"elementor-item menu-link\" tabindex=\"-1\">Organigrama<\/a><\/li>\n<li class=\"menu-item menu-item-type-post_type menu-item-object-page menu-item-3121\"><a href=\"https:\/\/deu.mirex.gob.do\/consular\/hamburgo\/consul-general\/\" class=\"elementor-item menu-link\" tabindex=\"-1\">Despacho del C\u00f3nsul<\/a><\/li>\n<li class=\"menu-item menu-item-type-post_type menu-item-object-page menu-item-6233\"><a href=\"https:\/\/deu.mirex.gob.do\/consular\/hamburgo\/perfiles-de-funcionarios\/\" class=\"elementor-item menu-link\" tabindex=\"-1\">Perfiles de Funcionarios<\/a><\/li>\n<li class=\"menu-item menu-item-type-post_type menu-item-object-page menu-item-3142\"><a href=\"https:\/\/deu.mirex.gob.do\/consular\/hamburgo\/marco-legal\/\" class=\"elementor-item menu-link\" tabindex=\"-1\">Marco Legal<\/a><\/li>\n<li class=\"menu-item menu-item-type-post_type menu-item-object-page menu-item-6292\"><a href=\"https:\/\/deu.mirex.gob.do\/consular\/hamburgo\/concurrencia\/\" class=\"elementor-item menu-link\" tabindex=\"-1\">Concurrencia<\/a><\/li>\n<\/ul>\t\t\t<\/nav>\n\t\t\t\t\t\t<\/div>\n\t\t\t\t<\/div>\n\t\t\t\t\t<\/div>\n\t\t<\/div>\n\t\t\t\t\t<\/div>\n\t\t<\/section>\n\t\t\t\t\t<\/div>\n\t\t<\/div>\n\t\t\t\t<div class=\"elementor-column elementor-col-50 elementor-top-column elementor-element elementor-element-15b3942 elementor-invisible\" data-id=\"15b3942\" data-element_type=\"column\" data-e-type=\"column\" data-settings=\"{&quot;background_background&quot;:&quot;classic&quot;,&quot;animation&quot;:&quot;fadeInUp&quot;}\">\n\t\t\t<div class=\"elementor-widget-wrap elementor-element-populated\">\n\t\t\t\t\t\t<div class=\"elementor-element elementor-element-9fb2f0f elementor-share-buttons--skin-boxed elementor-share-buttons--color-custom elementor-share-buttons--view-icon-text elementor-share-buttons--shape-square elementor-grid-0 elementor-widget elementor-widget-share-buttons\" data-id=\"9fb2f0f\" data-element_type=\"widget\" data-e-type=\"widget\" data-widget_type=\"share-buttons.default\">\n\t\t\t\t<div class=\"elementor-widget-container\">\n\t\t\t\t\t\t\t<div class=\"elementor-grid\" role=\"list\">\n\t\t\t\t\t\t\t\t<div class=\"elementor-grid-item\" role=\"listitem\">\n\t\t\t\t\t\t<div class=\"elementor-share-btn elementor-share-btn_print\" role=\"button\" tabindex=\"0\" aria-label=\"Share on print\">\n\t\t\t\t\t\t\t\t\t\t\t\t\t\t\t<span class=\"elementor-share-btn__icon\">\n\t\t\t\t\t\t\t\t<i class=\"fas fa-print\" aria-hidden=\"true\"><\/i>\t\t\t\t\t\t\t<\/span>\n\t\t\t\t\t\t\t\t\t\t\t\t\t\t\t\t\t\t\t\t\t\t<div class=\"elementor-share-btn__text\">\n\t\t\t\t\t\t\t\t\t\t\t\t\t\t\t\t\t\t\t<span class=\"elementor-share-btn__title\">\n\t\t\t\t\t\t\t\t\t\tImprimir\t\t\t\t\t\t\t\t\t<\/span>\n\t\t\t\t\t\t\t\t\t\t\t\t\t\t\t\t\t<\/div>\n\t\t\t\t\t\t\t\t\t\t\t\t\t<\/div>\n\t\t\t\t\t<\/div>\n\t\t\t\t\t\t\t\t\t<div class=\"elementor-grid-item\" role=\"listitem\">\n\t\t\t\t\t\t<div class=\"elementor-share-btn elementor-share-btn_email\" role=\"button\" tabindex=\"0\" aria-label=\"Share on email\">\n\t\t\t\t\t\t\t\t\t\t\t\t\t\t\t<span class=\"elementor-share-btn__icon\">\n\t\t\t\t\t\t\t\t<i class=\"fas fa-envelope\" aria-hidden=\"true\"><\/i>\t\t\t\t\t\t\t<\/span>\n\t\t\t\t\t\t\t\t\t\t\t\t\t\t\t\t\t\t\t\t\t\t<div class=\"elementor-share-btn__text\">\n\t\t\t\t\t\t\t\t\t\t\t\t\t\t\t\t\t\t\t<span class=\"elementor-share-btn__title\">\n\t\t\t\t\t\t\t\t\t\tCorreo Electr\u00f3nico\t\t\t\t\t\t\t\t\t<\/span>\n\t\t\t\t\t\t\t\t\t\t\t\t\t\t\t\t\t<\/div>\n\t\t\t\t\t\t\t\t\t\t\t\t\t<\/div>\n\t\t\t\t\t<\/div>\n\t\t\t\t\t\t<\/div>\n\t\t\t\t\t\t<\/div>\n\t\t\t\t<\/div>\n\t\t\t\t<div class=\"elementor-element elementor-element-cc3fa43 eael-team-align-default elementor-invisible elementor-widget elementor-widget-eael-team-member\" data-id=\"cc3fa43\" data-element_type=\"widget\" data-e-type=\"widget\" id=\"consul-profile\" data-settings=\"{&quot;_animation&quot;:&quot;fadeIn&quot;}\" data-widget_type=\"eael-team-member.default\">\n\t\t\t\t<div class=\"elementor-widget-container\">\n\t\t\t\t\t\n\n\t<div id=\"eael-team-member-cc3fa43\" class=\"eael-team-item eael-team-members-simple \">\n\t\t<div class=\"eael-team-item-inner\">\n\t\t\t<div class=\"eael-team-image\">\n\t\t\t\t<figure>\n\t\t\t\t\t\t\t\t\t<\/figure>\n\t\t\t\t\n\t\t\t\t\n\t\t\t<\/div>\n\n\t\t\t<div class=\"eael-team-content\">\n\t\t\t\t<h2 class=\"eael-team-member-name\">Elsa Argentina de Le\u00f3n Abreu de Flanagan<\/h2><p class=\"eael-team-member-position\">C\u00f3nsul General<\/p>\n\t\t\t\t\t\t\t\t\t\t\t\t\t\t<p class=\"eael-team-text\"><\/p>\n\t\t\t\t\t\t\t<\/div>\n\t\t<\/div>\n\t<\/div>\n\t\t\t\t\t<\/div>\n\t\t\t\t<\/div>\n\t\t\t\t<div class=\"elementor-element elementor-element-fd84bba elementor-widget elementor-widget-text-editor\" data-id=\"fd84bba\" data-element_type=\"widget\" data-e-type=\"widget\" data-widget_type=\"text-editor.default\">\n\t\t\t\t<div class=\"elementor-widget-container\">\n\t\t\t\t\t\t\t\t\t<h6>Perfil profesional<\/h6><p>Abogada y servidora p\u00fablica con amplia experiencia en la administraci\u00f3n p\u00fablica dominicana,<br \/>la diplomacia y la gesti\u00f3n de proyectos, tanto a nivel nacional como internacional.<\/p><p>Ha ocupado cargos de alta responsabilidad en gobernaciones provinciales, el Congreso Nacional,<br \/>el sector turismo y la actividad empresarial privada.<\/p><h6>Experiencia profesional<\/h6><ul><li><strong>C\u00f3nsul General de la Rep\u00fablica Dominicana en Hamburgo, Alemania<\/strong><br \/>19 de marzo de 2025 \u2013 Actualidad<\/li><li><strong>Gobernadora Civil de la Provincia de Saman\u00e1, Rep\u00fablica Dominicana<\/strong><br \/>16 de agosto de 2020 \u2013 1 de noviembre de 2021<\/li><li><strong>Diputada al Congreso Nacional de la Rep\u00fablica Dominicana<\/strong><br \/>16 de agosto de 2016 \u2013 16 de agosto de 2020<\/li><li><strong>Viceministra de Turismo de la Rep\u00fablica Dominicana<\/strong><br \/>1 de septiembre de 2008 \u2013 16 de septiembre de 2012<\/li><li><strong>Gobernadora Civil de la Provincia de Saman\u00e1, Rep\u00fablica Dominicana<\/strong><br \/>18 de agosto de 2006 \u2013 1 de septiembre de 2008<\/li><li><strong>Gerente General, Elsa Toll Business Services, Las Terrenas<\/strong><br \/>16 de febrero de 2000 \u2013 24 de agosto de 2006<\/li><li><strong>Secretaria, Z\u00fcblin, Dam Project, Rep\u00fablica Popular China<\/strong><br \/>11 de febrero de 1996 \u2013 26 de agosto de 1998<\/li><li><strong>Relaciones P\u00fablicas, Impregilo, Katse Dam, Lesotho, Sud\u00e1frica<\/strong><br \/>21 de marzo de 1994 \u2013 25 de enero de 1996<\/li><li><strong>Secretaria Ejecutiva, Impregilo, Presa Jig\u00fcey-Aguacate, Rep\u00fablica Dominicana<\/strong><br \/>29 de enero de 1987 \u2013 10 de marzo de 1994<\/li><\/ul><h6>Formaci\u00f3n acad\u00e9mica<\/h6><ul><li><strong>Diplomado en Econom\u00eda para Ejecutivos<\/strong><br \/>Universidad Cat\u00f3lica de Santo Domingo (2007 \u2013 2008)<\/li><li><strong>Curso sobre Negocios Internacionales<\/strong><br \/>Harvard University, Boston, EE. UU. (2001)<\/li><li><strong>Maestr\u00eda en Estudios Diplom\u00e1ticos<\/strong><br \/>Universidad Cat\u00f3lica de Santo Domingo, Rep\u00fablica Dominicana (1998 \u2013 2000)<\/li><li><strong>Diplomado en Alta Gerencia Inmobiliaria<\/strong><br \/>Universidad del Caribe, Santo Domingo, Rep\u00fablica Dominicana (1989 \u2013 2000)<\/li><li><strong>Doctor en Derecho<\/strong><br \/>Universidad Central del Este (UCE), San Pedro de Macor\u00eds (1982 \u2013 1986)<\/li><li><strong>Bachiller en Ciencias F\u00edsicas y Naturales<\/strong><br \/>Liceo Secundario Francisco del Rosario S\u00e1nchez, Saman\u00e1 (1978 \u2013 1982)<\/li><li><strong>Diploma de Octavo Grado<\/strong><br \/>Escuela Primaria Las Terrenas, Saman\u00e1 (1970 \u2013 1978)<\/li><\/ul><h6>Idiomas<\/h6><ul><li><strong>Lengua materna:<\/strong> Espa\u00f1ol<\/li><li><strong>Otros idiomas:<\/strong> Ingl\u00e9s e Italiano<\/li><\/ul><h6>Participaci\u00f3n social y liderazgo<\/h6><ul><li>Miembro activo del Club Rotario de San Pedro de Macor\u00eds.<\/li><li>Miembro de la Liga Deportiva Los Terreneros.<\/li><li>Miembro del Club de Ciclismo Team Veloz.<\/li><li>Presidenta de la Asociaci\u00f3n para el Desarrollo Integral de Las Terrenas.<\/li><\/ul><h6>Seminarios y talleres<\/h6><ul><li>Foro Econ\u00f3mico Mundial, Davos (2000).<\/li><li>Foro Econ\u00f3mico Mundial, Nueva York (2001).<\/li><li>\u201cDel GATT a la OMC: Retos de Rep\u00fablica Dominicana\u201d, CIECA (1999).<\/li><li>\u201cPol\u00edtica Exterior y Diplomacia\u201d, Ministerio de Relaciones Exteriores de Venezuela (1999).<\/li><li>\u201cOrganizaci\u00f3n y Protocolo de Cumbres\u201d, Secretar\u00eda de Estado de Relaciones Exteriores, Rep\u00fablica Dominicana (1999).<\/li><\/ul>\t\t\t\t\t\t\t\t<\/div>\n\t\t\t\t<\/div>\n\t\t\t\t\t<\/div>\n\t\t<\/div>\n\t\t\t\t\t<\/div>\n\t\t<\/section>\n\t\t\t\t<\/div>\n\t\t","protected":false},"excerpt":{"rendered":"<p>SOBRE NOSOTROS DESPACHO DEL C\u00d3NSUL Est\u00e1s aqu\u00ed: Inicio \u00bb Sobre Nosotros \u00bb Despacho del C\u00f3nsul ENLACES DE LA SECCI\u00d3N Imprimir Correo Electr\u00f3nico Elsa Argentina de Le\u00f3n Abreu de Flanagan C\u00f3nsul General Perfil profesional Abogada y servidora p\u00fablica con amplia experiencia en la administraci\u00f3n p\u00fablica dominicana,la diplomacia y la gesti\u00f3n de proyectos, tanto a nivel nacional [&hellip;]<\/p>\n","protected":false},"author":1,"featured_media":0,"parent":0,"menu_order":0,"comment_status":"closed","ping_status":"closed","template":"","meta":{"site-sidebar-layout":"no-sidebar","site-content-layout":"page-builder","ast-site-content-layout":"default","site-content-style":"default","site-sidebar-style":"default","ast-global-header-display":"","ast-banner-title-visibility":"","ast-main-header-display":"","ast-hfb-above-header-display":"","ast-hfb-below-header-display":"","ast-hfb-mobile-header-display":"","site-post-title":"disabled","ast-breadcrumbs-content":"","ast-featured-img":"disabled","footer-sml-layout":"","ast-disable-related-posts":"","theme-transparent-header-meta":"default","adv-header-id-meta":"","stick-header-meta":"","header-above-stick-meta":"","header-main-stick-meta":"","header-below-stick-meta":"","astra-migrate-meta-layouts":"default","ast-page-background-enabled":"default","ast-page-background-meta":{"desktop":{"background-color":"","background-image":"","background-repeat":"repeat","background-position":"center center","background-size":"auto","background-attachment":"scroll","background-type":"","background-media":"","overlay-type":"","overlay-color":"","overlay-opacity":"","overlay-gradient":""},"tablet":{"background-color":"","background-image":"","background-repeat":"repeat","background-position":"center center","background-size":"auto","background-attachment":"scroll","background-type":"","background-media":"","overlay-type":"","overlay-color":"","overlay-opacity":"","overlay-gradient":""},"mobile":{"background-color":"","background-image":"","background-repeat":"repeat","background-position":"center center","background-size":"auto","background-attachment":"scroll","background-type":"","background-media":"","overlay-type":"","overlay-color":"","overlay-opacity":"","overlay-gradient":""}},"ast-content-background-meta":{"desktop":{"background-color":"var(--ast-global-color-5)","background-image":"","background-repeat":"repeat","background-position":"center center","background-size":"auto","background-attachment":"scroll","background-type":"","background-media":"","overlay-type":"","overlay-color":"","overlay-opacity":"","overlay-gradient":""},"tablet":{"background-color":"var(--ast-global-color-5)","background-image":"","background-repeat":"repeat","background-position":"center center","background-size":"auto","background-attachment":"scroll","background-type":"","background-media":"","overlay-type":"","overlay-color":"","overlay-opacity":"","overlay-gradient":""},"mobile":{"background-color":"var(--ast-global-color-5)","background-image":"","background-repeat":"repeat","background-position":"center center","background-size":"auto","background-attachment":"scroll","background-type":"","background-media":"","overlay-type":"","overlay-color":"","overlay-opacity":"","overlay-gradient":""}},"footnotes":""},"categories":[36],"tags":[],"class_list":["post-3113","page","type-page","status-publish","hentry","category-sobre-nosotros"],"yoast_head":"<!-- This site is optimized with the Yoast SEO plugin v27.5 - https:\/\/yoast.com\/product\/yoast-seo-wordpress\/ -->\n<title>Despacho del C\u00f3nsul - Consulado General de la Rep\u00fablica Dominicana en Hamburgo, Alemania<\/title>\n<meta name=\"robots\" content=\"index, follow, max-snippet:-1, max-image-preview:large, max-video-preview:-1\" \/>\n<link rel=\"canonical\" href=\"https:\/\/deu.mirex.gob.do\/consular\/hamburgo\/consul-general\/\" \/>\n<meta property=\"og:locale\" content=\"en_US\" \/>\n<meta property=\"og:type\" content=\"article\" \/>\n<meta property=\"og:title\" content=\"Despacho del C\u00f3nsul - Consulado General de la Rep\u00fablica Dominicana en Hamburgo, Alemania\" \/>\n<meta property=\"og:description\" content=\"SOBRE NOSOTROS DESPACHO DEL C\u00d3NSUL Est\u00e1s aqu\u00ed: Inicio \u00bb Sobre Nosotros \u00bb Despacho del C\u00f3nsul ENLACES DE LA SECCI\u00d3N Imprimir Correo Electr\u00f3nico Elsa Argentina de Le\u00f3n Abreu de Flanagan C\u00f3nsul General Perfil profesional Abogada y servidora p\u00fablica con amplia experiencia en la administraci\u00f3n p\u00fablica dominicana,la diplomacia y la gesti\u00f3n de proyectos, tanto a nivel nacional [&hellip;]\" \/>\n<meta property=\"og:url\" content=\"https:\/\/deu.mirex.gob.do\/consular\/hamburgo\/consul-general\/\" \/>\n<meta property=\"og:site_name\" content=\"Consulado General de la Rep\u00fablica Dominicana en Hamburgo, Alemania\" \/>\n<meta property=\"article:modified_time\" content=\"2025-11-17T13:08:34+00:00\" \/>\n<meta name=\"twitter:card\" content=\"summary_large_image\" \/>\n<meta name=\"twitter:label1\" content=\"Est. reading time\" \/>\n\t<meta name=\"twitter:data1\" content=\"12 minutes\" \/>\n<script type=\"application\/ld+json\" class=\"yoast-schema-graph\">{\"@context\":\"https:\\\/\\\/schema.org\",\"@graph\":[{\"@type\":\"WebPage\",\"@id\":\"https:\\\/\\\/deu.mirex.gob.do\\\/consular\\\/hamburgo\\\/consul-general\\\/\",\"url\":\"https:\\\/\\\/deu.mirex.gob.do\\\/consular\\\/hamburgo\\\/consul-general\\\/\",\"name\":\"Despacho del C\u00f3nsul - Consulado General de la Rep\u00fablica Dominicana en Hamburgo, Alemania\",\"isPartOf\":{\"@id\":\"https:\\\/\\\/deu.mirex.gob.do\\\/consular\\\/hamburgo\\\/#website\"},\"datePublished\":\"2021-08-15T16:40:37+00:00\",\"dateModified\":\"2025-11-17T13:08:34+00:00\",\"breadcrumb\":{\"@id\":\"https:\\\/\\\/deu.mirex.gob.do\\\/consular\\\/hamburgo\\\/consul-general\\\/#breadcrumb\"},\"inLanguage\":\"en-US\",\"potentialAction\":[{\"@type\":\"ReadAction\",\"target\":[\"https:\\\/\\\/deu.mirex.gob.do\\\/consular\\\/hamburgo\\\/consul-general\\\/\"]}]},{\"@type\":\"BreadcrumbList\",\"@id\":\"https:\\\/\\\/deu.mirex.gob.do\\\/consular\\\/hamburgo\\\/consul-general\\\/#breadcrumb\",\"itemListElement\":[{\"@type\":\"ListItem\",\"position\":1,\"name\":\"Inicio\",\"item\":\"https:\\\/\\\/deu.mirex.gob.do\\\/consular\\\/hamburgo\\\/\"},{\"@type\":\"ListItem\",\"position\":2,\"name\":\"Despacho del C\u00f3nsul\"}]},{\"@type\":\"WebSite\",\"@id\":\"https:\\\/\\\/deu.mirex.gob.do\\\/consular\\\/hamburgo\\\/#website\",\"url\":\"https:\\\/\\\/deu.mirex.gob.do\\\/consular\\\/hamburgo\\\/\",\"name\":\"Consulado General de la Rep\u00fablica Dominicana en Hamburgo, Alemania\",\"description\":\"\",\"publisher\":{\"@id\":\"https:\\\/\\\/deu.mirex.gob.do\\\/consular\\\/hamburgo\\\/#organization\"},\"potentialAction\":[{\"@type\":\"SearchAction\",\"target\":{\"@type\":\"EntryPoint\",\"urlTemplate\":\"https:\\\/\\\/deu.mirex.gob.do\\\/consular\\\/hamburgo\\\/?s={search_term_string}\"},\"query-input\":{\"@type\":\"PropertyValueSpecification\",\"valueRequired\":true,\"valueName\":\"search_term_string\"}}],\"inLanguage\":\"en-US\"},{\"@type\":\"Organization\",\"@id\":\"https:\\\/\\\/deu.mirex.gob.do\\\/consular\\\/hamburgo\\\/#organization\",\"name\":\"Consulado General de la Rep\u00fablica Dominicana en Hamburgo, Alemania\",\"url\":\"https:\\\/\\\/deu.mirex.gob.do\\\/consular\\\/hamburgo\\\/\",\"logo\":{\"@type\":\"ImageObject\",\"inLanguage\":\"en-US\",\"@id\":\"https:\\\/\\\/deu.mirex.gob.do\\\/consular\\\/hamburgo\\\/#\\\/schema\\\/logo\\\/image\\\/\",\"url\":\"https:\\\/\\\/deu.mirex.gob.do\\\/consular\\\/hamburgo\\\/wp-content\\\/uploads\\\/2022\\\/04\\\/CONSULADO-Hamburgo-Alemania-RD-04.png\",\"contentUrl\":\"https:\\\/\\\/deu.mirex.gob.do\\\/consular\\\/hamburgo\\\/wp-content\\\/uploads\\\/2022\\\/04\\\/CONSULADO-Hamburgo-Alemania-RD-04.png\",\"width\":4163,\"height\":1788,\"caption\":\"Consulado General de la Rep\u00fablica Dominicana en Hamburgo, Alemania\"},\"image\":{\"@id\":\"https:\\\/\\\/deu.mirex.gob.do\\\/consular\\\/hamburgo\\\/#\\\/schema\\\/logo\\\/image\\\/\"}}]}<\/script>\n<!-- \/ Yoast SEO plugin. -->","yoast_head_json":{"title":"Despacho del C\u00f3nsul - Consulado General de la Rep\u00fablica Dominicana en Hamburgo, Alemania","robots":{"index":"index","follow":"follow","max-snippet":"max-snippet:-1","max-image-preview":"max-image-preview:large","max-video-preview":"max-video-preview:-1"},"canonical":"https:\/\/deu.mirex.gob.do\/consular\/hamburgo\/consul-general\/","og_locale":"en_US","og_type":"article","og_title":"Despacho del C\u00f3nsul - Consulado General de la Rep\u00fablica Dominicana en Hamburgo, Alemania","og_description":"SOBRE NOSOTROS DESPACHO DEL C\u00d3NSUL Est\u00e1s aqu\u00ed: Inicio \u00bb Sobre Nosotros \u00bb Despacho del C\u00f3nsul ENLACES DE LA SECCI\u00d3N Imprimir Correo Electr\u00f3nico Elsa Argentina de Le\u00f3n Abreu de Flanagan C\u00f3nsul General Perfil profesional Abogada y servidora p\u00fablica con amplia experiencia en la administraci\u00f3n p\u00fablica dominicana,la diplomacia y la gesti\u00f3n de proyectos, tanto a nivel nacional [&hellip;]","og_url":"https:\/\/deu.mirex.gob.do\/consular\/hamburgo\/consul-general\/","og_site_name":"Consulado General de la Rep\u00fablica Dominicana en Hamburgo, Alemania","article_modified_time":"2025-11-17T13:08:34+00:00","twitter_card":"summary_large_image","twitter_misc":{"Est. reading time":"12 minutes"},"schema":{"@context":"https:\/\/schema.org","@graph":[{"@type":"WebPage","@id":"https:\/\/deu.mirex.gob.do\/consular\/hamburgo\/consul-general\/","url":"https:\/\/deu.mirex.gob.do\/consular\/hamburgo\/consul-general\/","name":"Despacho del C\u00f3nsul - Consulado General de la Rep\u00fablica Dominicana en Hamburgo, Alemania","isPartOf":{"@id":"https:\/\/deu.mirex.gob.do\/consular\/hamburgo\/#website"},"datePublished":"2021-08-15T16:40:37+00:00","dateModified":"2025-11-17T13:08:34+00:00","breadcrumb":{"@id":"https:\/\/deu.mirex.gob.do\/consular\/hamburgo\/consul-general\/#breadcrumb"},"inLanguage":"en-US","potentialAction":[{"@type":"ReadAction","target":["https:\/\/deu.mirex.gob.do\/consular\/hamburgo\/consul-general\/"]}]},{"@type":"BreadcrumbList","@id":"https:\/\/deu.mirex.gob.do\/consular\/hamburgo\/consul-general\/#breadcrumb","itemListElement":[{"@type":"ListItem","position":1,"name":"Inicio","item":"https:\/\/deu.mirex.gob.do\/consular\/hamburgo\/"},{"@type":"ListItem","position":2,"name":"Despacho del C\u00f3nsul"}]},{"@type":"WebSite","@id":"https:\/\/deu.mirex.gob.do\/consular\/hamburgo\/#website","url":"https:\/\/deu.mirex.gob.do\/consular\/hamburgo\/","name":"Consulado General de la Rep\u00fablica Dominicana en Hamburgo, Alemania","description":"","publisher":{"@id":"https:\/\/deu.mirex.gob.do\/consular\/hamburgo\/#organization"},"potentialAction":[{"@type":"SearchAction","target":{"@type":"EntryPoint","urlTemplate":"https:\/\/deu.mirex.gob.do\/consular\/hamburgo\/?s={search_term_string}"},"query-input":{"@type":"PropertyValueSpecification","valueRequired":true,"valueName":"search_term_string"}}],"inLanguage":"en-US"},{"@type":"Organization","@id":"https:\/\/deu.mirex.gob.do\/consular\/hamburgo\/#organization","name":"Consulado General de la Rep\u00fablica Dominicana en Hamburgo, Alemania","url":"https:\/\/deu.mirex.gob.do\/consular\/hamburgo\/","logo":{"@type":"ImageObject","inLanguage":"en-US","@id":"https:\/\/deu.mirex.gob.do\/consular\/hamburgo\/#\/schema\/logo\/image\/","url":"https:\/\/deu.mirex.gob.do\/consular\/hamburgo\/wp-content\/uploads\/2022\/04\/CONSULADO-Hamburgo-Alemania-RD-04.png","contentUrl":"https:\/\/deu.mirex.gob.do\/consular\/hamburgo\/wp-content\/uploads\/2022\/04\/CONSULADO-Hamburgo-Alemania-RD-04.png","width":4163,"height":1788,"caption":"Consulado General de la Rep\u00fablica Dominicana en Hamburgo, Alemania"},"image":{"@id":"https:\/\/deu.mirex.gob.do\/consular\/hamburgo\/#\/schema\/logo\/image\/"}}]}},"_links":{"self":[{"href":"https:\/\/deu.mirex.gob.do\/consular\/hamburgo\/wp-json\/wp\/v2\/pages\/3113","targetHints":{"allow":["GET"]}}],"collection":[{"href":"https:\/\/deu.mirex.gob.do\/consular\/hamburgo\/wp-json\/wp\/v2\/pages"}],"about":[{"href":"https:\/\/deu.mirex.gob.do\/consular\/hamburgo\/wp-json\/wp\/v2\/types\/page"}],"author":[{"embeddable":true,"href":"https:\/\/deu.mirex.gob.do\/consular\/hamburgo\/wp-json\/wp\/v2\/users\/1"}],"replies":[{"embeddable":true,"href":"https:\/\/deu.mirex.gob.do\/consular\/hamburgo\/wp-json\/wp\/v2\/comments?post=3113"}],"version-history":[{"count":115,"href":"https:\/\/deu.mirex.gob.do\/consular\/hamburgo\/wp-json\/wp\/v2\/pages\/3113\/revisions"}],"predecessor-version":[{"id":6259,"href":"https:\/\/deu.mirex.gob.do\/consular\/hamburgo\/wp-json\/wp\/v2\/pages\/3113\/revisions\/6259"}],"wp:attachment":[{"href":"https:\/\/deu.mirex.gob.do\/consular\/hamburgo\/wp-json\/wp\/v2\/media?parent=3113"}],"wp:term":[{"taxonomy":"category","embeddable":true,"href":"https:\/\/deu.mirex.gob.do\/consular\/hamburgo\/wp-json\/wp\/v2\/categories?post=3113"},{"taxonomy":"post_tag","embeddable":true,"href":"https:\/\/deu.mirex.gob.do\/consular\/hamburgo\/wp-json\/wp\/v2\/tags?post=3113"}],"curies":[{"name":"wp","href":"https:\/\/api.w.org\/{rel}","templated":true}]}}