{"id":6217,"date":"2025-11-13T12:29:35","date_gmt":"2025-11-13T12:29:35","guid":{"rendered":"https:\/\/deu.mirex.gob.do\/consular\/hamburgo\/?page_id=6217"},"modified":"2025-12-29T16:06:35","modified_gmt":"2025-12-29T16:06:35","slug":"perfiles-de-funcionarios","status":"publish","type":"page","link":"https:\/\/deu.mirex.gob.do\/consular\/hamburgo\/perfiles-de-funcionarios\/","title":{"rendered":"Perfiles de Funcionarios"},"content":{"rendered":"\t\t<div data-elementor-type=\"wp-page\" data-elementor-id=\"6217\" class=\"elementor elementor-6217\" data-elementor-post-type=\"page\">\n\t\t\t\t\t\t<section class=\"elementor-section elementor-top-section elementor-element elementor-element-08f1789 elementor-section-height-min-height elementor-section-boxed elementor-section-height-default elementor-section-items-middle\" data-id=\"08f1789\" data-element_type=\"section\" data-e-type=\"section\" data-settings=\"{&quot;background_background&quot;:&quot;slideshow&quot;,&quot;background_slideshow_gallery&quot;:[{&quot;id&quot;:3458,&quot;url&quot;:&quot;https:\\\/\\\/fra.mirex.gob.do\\\/consular\\\/marsella\\\/wp-content\\\/uploads\\\/2021\\\/08\\\/sliderservicios-1-2.png&quot;},{&quot;id&quot;:3459,&quot;url&quot;:&quot;https:\\\/\\\/fra.mirex.gob.do\\\/consular\\\/marsella\\\/wp-content\\\/uploads\\\/2021\\\/08\\\/sliderservicios-2-2.png&quot;}],&quot;background_slideshow_loop&quot;:&quot;yes&quot;,&quot;background_slideshow_slide_duration&quot;:5000,&quot;background_slideshow_slide_transition&quot;:&quot;fade&quot;,&quot;background_slideshow_transition_duration&quot;:500}\">\n\t\t\t\t\t\t\t<div class=\"elementor-background-overlay\"><\/div>\n\t\t\t\t\t\t\t<div class=\"elementor-container elementor-column-gap-default\">\n\t\t\t\t\t<div class=\"elementor-column elementor-col-100 elementor-top-column elementor-element elementor-element-c9a19e4\" data-id=\"c9a19e4\" data-element_type=\"column\" data-e-type=\"column\">\n\t\t\t<div class=\"elementor-widget-wrap elementor-element-populated\">\n\t\t\t\t\t\t<div class=\"elementor-element elementor-element-042a157 elementor-invisible elementor-widget elementor-widget-heading\" data-id=\"042a157\" data-element_type=\"widget\" data-e-type=\"widget\" data-settings=\"{&quot;_animation&quot;:&quot;fadeInDown&quot;}\" data-widget_type=\"heading.default\">\n\t\t\t\t<div class=\"elementor-widget-container\">\n\t\t\t\t\t<h2 class=\"elementor-heading-title elementor-size-medium\">SOBRE NOSOTROS<\/h2>\t\t\t\t<\/div>\n\t\t\t\t<\/div>\n\t\t\t\t<div class=\"elementor-element elementor-element-e15efb1 elementor-invisible elementor-widget elementor-widget-heading\" data-id=\"e15efb1\" data-element_type=\"widget\" data-e-type=\"widget\" data-settings=\"{&quot;_animation&quot;:&quot;fadeInDown&quot;}\" data-widget_type=\"heading.default\">\n\t\t\t\t<div class=\"elementor-widget-container\">\n\t\t\t\t\t<h2 class=\"elementor-heading-title elementor-size-default\">Perfiles de Funcionarios<\/h2>\t\t\t\t<\/div>\n\t\t\t\t<\/div>\n\t\t\t\t\t<\/div>\n\t\t<\/div>\n\t\t\t\t\t<\/div>\n\t\t<\/section>\n\t\t\t\t<section class=\"elementor-section elementor-top-section elementor-element elementor-element-3bff9a1 breadcrumbs elementor-section-boxed elementor-section-height-default elementor-section-height-default\" data-id=\"3bff9a1\" data-element_type=\"section\" data-e-type=\"section\" data-settings=\"{&quot;background_background&quot;:&quot;classic&quot;}\">\n\t\t\t\t\t\t<div class=\"elementor-container elementor-column-gap-default\">\n\t\t\t\t\t<div class=\"elementor-column elementor-col-100 elementor-top-column elementor-element elementor-element-65784ab\" data-id=\"65784ab\" data-element_type=\"column\" data-e-type=\"column\">\n\t\t\t<div class=\"elementor-widget-wrap elementor-element-populated\">\n\t\t\t\t\t\t<div class=\"elementor-element elementor-element-f709475 elementor-widget elementor-widget-text-editor\" data-id=\"f709475\" data-element_type=\"widget\" data-e-type=\"widget\" data-widget_type=\"text-editor.default\">\n\t\t\t\t<div class=\"elementor-widget-container\">\n\t\t\t\t\t\t\t\t\t<div class=\"breadcrumbs\"><strong>Est\u00e1s aqu\u00ed: <\/strong><a class=\"crumb-inactive\" href=\"\/\">Inicio<\/a> \u00bb <a class=\"crumb-inactive\" href=\"#\">Sobre Nosotros<\/a> \u00bb <span class=\"crumb-active\">Perfiles de Funcionarios<\/span><\/div>\t\t\t\t\t\t\t\t<\/div>\n\t\t\t\t<\/div>\n\t\t\t\t\t<\/div>\n\t\t<\/div>\n\t\t\t\t\t<\/div>\n\t\t<\/section>\n\t\t\t\t<section class=\"elementor-section elementor-top-section elementor-element elementor-element-c12623b elementor-section-boxed elementor-section-height-default elementor-section-height-default\" data-id=\"c12623b\" data-element_type=\"section\" data-e-type=\"section\">\n\t\t\t\t\t\t<div class=\"elementor-container elementor-column-gap-default\">\n\t\t\t\t\t<div class=\"elementor-column elementor-col-50 elementor-top-column elementor-element elementor-element-e1e9cca elementor-hidden-tablet elementor-hidden-mobile\" data-id=\"e1e9cca\" data-element_type=\"column\" data-e-type=\"column\">\n\t\t\t<div class=\"elementor-widget-wrap elementor-element-populated\">\n\t\t\t\t\t\t<section class=\"elementor-section elementor-inner-section elementor-element elementor-element-1515a1d animated-slow elementor-section-boxed elementor-section-height-default elementor-section-height-default elementor-invisible\" data-id=\"1515a1d\" data-element_type=\"section\" data-e-type=\"section\" data-settings=\"{&quot;animation&quot;:&quot;fadeInLeft&quot;}\">\n\t\t\t\t\t\t<div class=\"elementor-container elementor-column-gap-default\">\n\t\t\t\t\t<div class=\"elementor-column elementor-col-100 elementor-inner-column elementor-element elementor-element-b83718a\" data-id=\"b83718a\" data-element_type=\"column\" data-e-type=\"column\">\n\t\t\t<div class=\"elementor-widget-wrap elementor-element-populated\">\n\t\t\t\t\t\t<div class=\"elementor-element elementor-element-ffa10f6 elementor-widget elementor-widget-heading\" data-id=\"ffa10f6\" data-element_type=\"widget\" data-e-type=\"widget\" data-widget_type=\"heading.default\">\n\t\t\t\t<div class=\"elementor-widget-container\">\n\t\t\t\t\t<h6 class=\"elementor-heading-title elementor-size-default\">ENLACES DE LA SECCI\u00d3N<\/h6>\t\t\t\t<\/div>\n\t\t\t\t<\/div>\n\t\t\t\t<div class=\"elementor-element elementor-element-854bd5c elementor-nav-menu__align-start elementor-nav-menu--dropdown-tablet elementor-nav-menu__text-align-aside elementor-nav-menu--toggle elementor-nav-menu--burger elementor-widget elementor-widget-nav-menu\" data-id=\"854bd5c\" data-element_type=\"widget\" data-e-type=\"widget\" data-settings=\"{&quot;layout&quot;:&quot;vertical&quot;,&quot;submenu_icon&quot;:{&quot;value&quot;:&quot;&lt;i class=\\&quot;fas fa-caret-down\\&quot; aria-hidden=\\&quot;true\\&quot;&gt;&lt;\\\/i&gt;&quot;,&quot;library&quot;:&quot;fa-solid&quot;},&quot;toggle&quot;:&quot;burger&quot;}\" data-widget_type=\"nav-menu.default\">\n\t\t\t\t<div class=\"elementor-widget-container\">\n\t\t\t\t\t\t\t\t<nav aria-label=\"Menu\" class=\"elementor-nav-menu--main elementor-nav-menu__container elementor-nav-menu--layout-vertical e--pointer-none\">\n\t\t\t\t<ul id=\"menu-1-854bd5c\" class=\"elementor-nav-menu sm-vertical\"><li class=\"menu-item menu-item-type-post_type menu-item-object-page menu-item-3082\"><a href=\"https:\/\/deu.mirex.gob.do\/consular\/hamburgo\/quienes-somos\/\" class=\"elementor-item menu-link\">\u00bfQui\u00e9nes Somos?<\/a><\/li>\n<li class=\"menu-item menu-item-type-post_type menu-item-object-page menu-item-3089\"><a href=\"https:\/\/deu.mirex.gob.do\/consular\/hamburgo\/historia\/\" class=\"elementor-item menu-link\">Historia<\/a><\/li>\n<li class=\"menu-item menu-item-type-post_type menu-item-object-page menu-item-3105\"><a href=\"https:\/\/deu.mirex.gob.do\/consular\/hamburgo\/organigrama\/\" class=\"elementor-item menu-link\">Organigrama<\/a><\/li>\n<li class=\"menu-item menu-item-type-post_type menu-item-object-page menu-item-3121\"><a href=\"https:\/\/deu.mirex.gob.do\/consular\/hamburgo\/consul-general\/\" class=\"elementor-item menu-link\">Despacho del C\u00f3nsul<\/a><\/li>\n<li class=\"menu-item menu-item-type-post_type menu-item-object-page menu-item-6233\"><a href=\"https:\/\/deu.mirex.gob.do\/consular\/hamburgo\/perfiles-de-funcionarios\/\" class=\"elementor-item menu-link\">Perfiles de Funcionarios<\/a><\/li>\n<li class=\"menu-item menu-item-type-post_type menu-item-object-page menu-item-3142\"><a href=\"https:\/\/deu.mirex.gob.do\/consular\/hamburgo\/marco-legal\/\" class=\"elementor-item menu-link\">Marco Legal<\/a><\/li>\n<li class=\"menu-item menu-item-type-post_type menu-item-object-page menu-item-6292\"><a href=\"https:\/\/deu.mirex.gob.do\/consular\/hamburgo\/concurrencia\/\" class=\"elementor-item menu-link\">Concurrencia<\/a><\/li>\n<\/ul>\t\t\t<\/nav>\n\t\t\t\t\t<div class=\"elementor-menu-toggle\" role=\"button\" tabindex=\"0\" aria-label=\"Menu Toggle\" aria-expanded=\"false\">\n\t\t\t<i aria-hidden=\"true\" role=\"presentation\" class=\"elementor-menu-toggle__icon--open eicon-menu-bar\"><\/i><i aria-hidden=\"true\" role=\"presentation\" class=\"elementor-menu-toggle__icon--close eicon-close\"><\/i>\t\t<\/div>\n\t\t\t\t\t<nav class=\"elementor-nav-menu--dropdown elementor-nav-menu__container\" aria-hidden=\"true\">\n\t\t\t\t<ul id=\"menu-2-854bd5c\" class=\"elementor-nav-menu sm-vertical\"><li class=\"menu-item menu-item-type-post_type menu-item-object-page menu-item-3082\"><a href=\"https:\/\/deu.mirex.gob.do\/consular\/hamburgo\/quienes-somos\/\" class=\"elementor-item menu-link\" tabindex=\"-1\">\u00bfQui\u00e9nes Somos?<\/a><\/li>\n<li class=\"menu-item menu-item-type-post_type menu-item-object-page menu-item-3089\"><a href=\"https:\/\/deu.mirex.gob.do\/consular\/hamburgo\/historia\/\" class=\"elementor-item menu-link\" tabindex=\"-1\">Historia<\/a><\/li>\n<li class=\"menu-item menu-item-type-post_type menu-item-object-page menu-item-3105\"><a href=\"https:\/\/deu.mirex.gob.do\/consular\/hamburgo\/organigrama\/\" class=\"elementor-item menu-link\" tabindex=\"-1\">Organigrama<\/a><\/li>\n<li class=\"menu-item menu-item-type-post_type menu-item-object-page menu-item-3121\"><a href=\"https:\/\/deu.mirex.gob.do\/consular\/hamburgo\/consul-general\/\" class=\"elementor-item menu-link\" tabindex=\"-1\">Despacho del C\u00f3nsul<\/a><\/li>\n<li class=\"menu-item menu-item-type-post_type menu-item-object-page menu-item-6233\"><a href=\"https:\/\/deu.mirex.gob.do\/consular\/hamburgo\/perfiles-de-funcionarios\/\" class=\"elementor-item menu-link\" tabindex=\"-1\">Perfiles de Funcionarios<\/a><\/li>\n<li class=\"menu-item menu-item-type-post_type menu-item-object-page menu-item-3142\"><a href=\"https:\/\/deu.mirex.gob.do\/consular\/hamburgo\/marco-legal\/\" class=\"elementor-item menu-link\" tabindex=\"-1\">Marco Legal<\/a><\/li>\n<li class=\"menu-item menu-item-type-post_type menu-item-object-page menu-item-6292\"><a href=\"https:\/\/deu.mirex.gob.do\/consular\/hamburgo\/concurrencia\/\" class=\"elementor-item menu-link\" tabindex=\"-1\">Concurrencia<\/a><\/li>\n<\/ul>\t\t\t<\/nav>\n\t\t\t\t\t\t<\/div>\n\t\t\t\t<\/div>\n\t\t\t\t\t<\/div>\n\t\t<\/div>\n\t\t\t\t\t<\/div>\n\t\t<\/section>\n\t\t\t\t\t<\/div>\n\t\t<\/div>\n\t\t\t\t<div class=\"elementor-column elementor-col-50 elementor-top-column elementor-element elementor-element-15b3942 elementor-invisible\" data-id=\"15b3942\" data-element_type=\"column\" data-e-type=\"column\" data-settings=\"{&quot;background_background&quot;:&quot;classic&quot;,&quot;animation&quot;:&quot;fadeInUp&quot;}\">\n\t\t\t<div class=\"elementor-widget-wrap elementor-element-populated\">\n\t\t\t\t\t\t<div class=\"elementor-element elementor-element-44315c3 elementor-share-buttons--skin-boxed elementor-share-buttons--color-custom elementor-share-buttons--view-icon-text elementor-share-buttons--shape-square elementor-grid-0 elementor-widget elementor-widget-share-buttons\" data-id=\"44315c3\" data-element_type=\"widget\" data-e-type=\"widget\" data-widget_type=\"share-buttons.default\">\n\t\t\t\t<div class=\"elementor-widget-container\">\n\t\t\t\t\t\t\t<div class=\"elementor-grid\" role=\"list\">\n\t\t\t\t\t\t\t\t<div class=\"elementor-grid-item\" role=\"listitem\">\n\t\t\t\t\t\t<div class=\"elementor-share-btn elementor-share-btn_print\" role=\"button\" tabindex=\"0\" aria-label=\"Share on print\">\n\t\t\t\t\t\t\t\t\t\t\t\t\t\t\t<span class=\"elementor-share-btn__icon\">\n\t\t\t\t\t\t\t\t<i class=\"fas fa-print\" aria-hidden=\"true\"><\/i>\t\t\t\t\t\t\t<\/span>\n\t\t\t\t\t\t\t\t\t\t\t\t\t\t\t\t\t\t\t\t\t\t<div class=\"elementor-share-btn__text\">\n\t\t\t\t\t\t\t\t\t\t\t\t\t\t\t\t\t\t\t<span class=\"elementor-share-btn__title\">\n\t\t\t\t\t\t\t\t\t\tImprimir\t\t\t\t\t\t\t\t\t<\/span>\n\t\t\t\t\t\t\t\t\t\t\t\t\t\t\t\t\t<\/div>\n\t\t\t\t\t\t\t\t\t\t\t\t\t<\/div>\n\t\t\t\t\t<\/div>\n\t\t\t\t\t\t\t\t\t<div class=\"elementor-grid-item\" role=\"listitem\">\n\t\t\t\t\t\t<div class=\"elementor-share-btn elementor-share-btn_email\" role=\"button\" tabindex=\"0\" aria-label=\"Share on email\">\n\t\t\t\t\t\t\t\t\t\t\t\t\t\t\t<span class=\"elementor-share-btn__icon\">\n\t\t\t\t\t\t\t\t<i class=\"fas fa-envelope\" aria-hidden=\"true\"><\/i>\t\t\t\t\t\t\t<\/span>\n\t\t\t\t\t\t\t\t\t\t\t\t\t\t\t\t\t\t\t\t\t\t<div class=\"elementor-share-btn__text\">\n\t\t\t\t\t\t\t\t\t\t\t\t\t\t\t\t\t\t\t<span class=\"elementor-share-btn__title\">\n\t\t\t\t\t\t\t\t\t\tCorreo Electr\u00f3nico\t\t\t\t\t\t\t\t\t<\/span>\n\t\t\t\t\t\t\t\t\t\t\t\t\t\t\t\t\t<\/div>\n\t\t\t\t\t\t\t\t\t\t\t\t\t<\/div>\n\t\t\t\t\t<\/div>\n\t\t\t\t\t\t<\/div>\n\t\t\t\t\t\t<\/div>\n\t\t\t\t<\/div>\n\t\t\t\t<section class=\"elementor-section elementor-inner-section elementor-element elementor-element-6a797b7 elementor-section-boxed elementor-section-height-default elementor-section-height-default\" data-id=\"6a797b7\" data-element_type=\"section\" data-e-type=\"section\">\n\t\t\t\t\t\t<div class=\"elementor-container elementor-column-gap-default\">\n\t\t\t\t\t<div class=\"elementor-column elementor-col-33 elementor-inner-column elementor-element elementor-element-da01184\" data-id=\"da01184\" data-element_type=\"column\" data-e-type=\"column\">\n\t\t\t<div class=\"elementor-widget-wrap elementor-element-populated\">\n\t\t\t\t\t\t<div class=\"elementor-element elementor-element-ba9ec41 elementor-cta--valign-bottom elementor-cta--skin-classic elementor-animated-content elementor-bg-transform elementor-bg-transform-zoom-in elementor-widget elementor-widget-call-to-action\" data-id=\"ba9ec41\" data-element_type=\"widget\" data-e-type=\"widget\" data-widget_type=\"call-to-action.default\">\n\t\t\t\t<div class=\"elementor-widget-container\">\n\t\t\t\t\t\t\t<div class=\"elementor-cta\">\n\t\t\t\t\t<div class=\"elementor-cta__bg-wrapper\">\n\t\t\t\t<div class=\"elementor-cta__bg elementor-bg\" style=\"background-image: url(https:\/\/deu.mirex.gob.do\/consular\/hamburgo\/wp-content\/uploads\/2025\/11\/Foto-Gelson-Bierd.jpg);\" role=\"img\" aria-label=\"Foto Gelson Bierd\"><\/div>\n\t\t\t\t<div class=\"elementor-cta__bg-overlay\"><\/div>\n\t\t\t<\/div>\n\t\t\t\t\t\t\t<div class=\"elementor-cta__content\">\n\t\t\t\t\n\t\t\t\t\t\t\t\t\t<h2 class=\"elementor-cta__title elementor-cta__content-item elementor-content-item\">\n\t\t\t\t\t\tGelson Bierd\t\t\t\t\t<\/h2>\n\t\t\t\t\n\t\t\t\t\t\t\t\t\t<div class=\"elementor-cta__description elementor-cta__content-item elementor-content-item\">\n\t\t\t\t\t\tVicec\u00f3nsul Secci\u00f3n Jur\u00eddica\t\t\t\t\t<\/div>\n\t\t\t\t\n\t\t\t\t\t\t\t<\/div>\n\t\t\t\t\t\t<\/div>\n\t\t\t\t\t\t<\/div>\n\t\t\t\t<\/div>\n\t\t\t\t\t<\/div>\n\t\t<\/div>\n\t\t\t\t<div class=\"elementor-column elementor-col-33 elementor-inner-column elementor-element elementor-element-57c7046\" data-id=\"57c7046\" data-element_type=\"column\" data-e-type=\"column\">\n\t\t\t<div class=\"elementor-widget-wrap elementor-element-populated\">\n\t\t\t\t\t\t<div class=\"elementor-element elementor-element-3cbeb1a elementor-cta--valign-bottom elementor-cta--skin-classic elementor-animated-content elementor-bg-transform elementor-bg-transform-zoom-in elementor-widget elementor-widget-call-to-action\" data-id=\"3cbeb1a\" data-element_type=\"widget\" data-e-type=\"widget\" data-widget_type=\"call-to-action.default\">\n\t\t\t\t<div class=\"elementor-widget-container\">\n\t\t\t\t\t\t\t<div class=\"elementor-cta\">\n\t\t\t\t\t<div class=\"elementor-cta__bg-wrapper\">\n\t\t\t\t<div class=\"elementor-cta__bg elementor-bg\" style=\"background-image: url(https:\/\/deu.mirex.gob.do\/consular\/hamburgo\/wp-content\/uploads\/2025\/11\/foto-julio-marcano.jpg);\" role=\"img\" aria-label=\"foto julio marcano\"><\/div>\n\t\t\t\t<div class=\"elementor-cta__bg-overlay\"><\/div>\n\t\t\t<\/div>\n\t\t\t\t\t\t\t<div class=\"elementor-cta__content\">\n\t\t\t\t\n\t\t\t\t\t\t\t\t\t<h2 class=\"elementor-cta__title elementor-cta__content-item elementor-content-item\">\n\t\t\t\t\t\tJulio Marcano\t\t\t\t\t<\/h2>\n\t\t\t\t\n\t\t\t\t\t\t\t\t\t<div class=\"elementor-cta__description elementor-cta__content-item elementor-content-item\">\n\t\t\t\t\t\tVicec\u00f3nsul Encargado Secci\u00f3n Pasaportes\t\t\t\t\t<\/div>\n\t\t\t\t\n\t\t\t\t\t\t\t<\/div>\n\t\t\t\t\t\t<\/div>\n\t\t\t\t\t\t<\/div>\n\t\t\t\t<\/div>\n\t\t\t\t\t<\/div>\n\t\t<\/div>\n\t\t\t\t<div class=\"elementor-column elementor-col-33 elementor-inner-column elementor-element elementor-element-053da6d\" data-id=\"053da6d\" data-element_type=\"column\" data-e-type=\"column\">\n\t\t\t<div class=\"elementor-widget-wrap elementor-element-populated\">\n\t\t\t\t\t\t<div class=\"elementor-element elementor-element-9bd3314 elementor-cta--valign-bottom elementor-cta--skin-classic elementor-animated-content elementor-bg-transform elementor-bg-transform-zoom-in elementor-widget elementor-widget-call-to-action\" data-id=\"9bd3314\" data-element_type=\"widget\" data-e-type=\"widget\" data-widget_type=\"call-to-action.default\">\n\t\t\t\t<div class=\"elementor-widget-container\">\n\t\t\t\t\t\t\t<div class=\"elementor-cta\">\n\t\t\t\t\t<div class=\"elementor-cta__bg-wrapper\">\n\t\t\t\t<div class=\"elementor-cta__bg elementor-bg\" style=\"background-image: url(https:\/\/deu.mirex.gob.do\/consular\/hamburgo\/wp-content\/uploads\/2025\/11\/Foto-Rhomer-Gutierrez.jpg);\" role=\"img\" aria-label=\"Foto Rhomer Gutierrez\"><\/div>\n\t\t\t\t<div class=\"elementor-cta__bg-overlay\"><\/div>\n\t\t\t<\/div>\n\t\t\t\t\t\t\t<div class=\"elementor-cta__content\">\n\t\t\t\t\n\t\t\t\t\t\t\t\t\t<h2 class=\"elementor-cta__title elementor-cta__content-item elementor-content-item\">\n\t\t\t\t\t\tRhomer Guti\u00e9rrez\t\t\t\t\t<\/h2>\n\t\t\t\t\n\t\t\t\t\t\t\t\t\t<div class=\"elementor-cta__description elementor-cta__content-item elementor-content-item\">\n\t\t\t\t\t\tVicec\u00f3nsul Secci\u00f3n Impresi\u00f3n de Pasaportes\t\t\t\t\t<\/div>\n\t\t\t\t\n\t\t\t\t\t\t\t<\/div>\n\t\t\t\t\t\t<\/div>\n\t\t\t\t\t\t<\/div>\n\t\t\t\t<\/div>\n\t\t\t\t\t<\/div>\n\t\t<\/div>\n\t\t\t\t\t<\/div>\n\t\t<\/section>\n\t\t\t\t<section class=\"elementor-section elementor-inner-section elementor-element elementor-element-0980c35 elementor-section-boxed elementor-section-height-default elementor-section-height-default\" data-id=\"0980c35\" data-element_type=\"section\" data-e-type=\"section\">\n\t\t\t\t\t\t<div class=\"elementor-container elementor-column-gap-default\">\n\t\t\t\t\t<div class=\"elementor-column elementor-col-33 elementor-inner-column elementor-element elementor-element-0631cd6\" data-id=\"0631cd6\" data-element_type=\"column\" data-e-type=\"column\">\n\t\t\t<div class=\"elementor-widget-wrap elementor-element-populated\">\n\t\t\t\t\t\t<div class=\"elementor-element elementor-element-51dabab elementor-cta--valign-bottom elementor-cta--skin-classic elementor-animated-content elementor-bg-transform elementor-bg-transform-zoom-in elementor-widget elementor-widget-call-to-action\" data-id=\"51dabab\" data-element_type=\"widget\" data-e-type=\"widget\" data-widget_type=\"call-to-action.default\">\n\t\t\t\t<div class=\"elementor-widget-container\">\n\t\t\t\t\t\t\t<div class=\"elementor-cta\">\n\t\t\t\t\t<div class=\"elementor-cta__bg-wrapper\">\n\t\t\t\t<div class=\"elementor-cta__bg elementor-bg\" style=\"background-image: url(https:\/\/deu.mirex.gob.do\/consular\/hamburgo\/wp-content\/uploads\/2025\/11\/Foto-Radhames-Gutierrez.jpg);\" role=\"img\" aria-label=\"Foto Radhames Gutierrez\"><\/div>\n\t\t\t\t<div class=\"elementor-cta__bg-overlay\"><\/div>\n\t\t\t<\/div>\n\t\t\t\t\t\t\t<div class=\"elementor-cta__content\">\n\t\t\t\t\n\t\t\t\t\t\t\t\t\t<h2 class=\"elementor-cta__title elementor-cta__content-item elementor-content-item\">\n\t\t\t\t\t\tRadhames Guti\u00e9rrez\t\t\t\t\t<\/h2>\n\t\t\t\t\n\t\t\t\t\t\t\t\t\t<div class=\"elementor-cta__description elementor-cta__content-item elementor-content-item\">\n\t\t\t\t\t\tVicec\u00f3nsul Encargado Junta Central Electoral\t\t\t\t\t<\/div>\n\t\t\t\t\n\t\t\t\t\t\t\t<\/div>\n\t\t\t\t\t\t<\/div>\n\t\t\t\t\t\t<\/div>\n\t\t\t\t<\/div>\n\t\t\t\t\t<\/div>\n\t\t<\/div>\n\t\t\t\t<div class=\"elementor-column elementor-col-33 elementor-inner-column elementor-element elementor-element-783c2c5\" data-id=\"783c2c5\" data-element_type=\"column\" data-e-type=\"column\">\n\t\t\t<div class=\"elementor-widget-wrap elementor-element-populated\">\n\t\t\t\t\t\t<div class=\"elementor-element elementor-element-1614cb8 elementor-cta--valign-bottom elementor-cta--skin-classic elementor-animated-content elementor-bg-transform elementor-bg-transform-zoom-in elementor-widget elementor-widget-call-to-action\" data-id=\"1614cb8\" data-element_type=\"widget\" data-e-type=\"widget\" data-widget_type=\"call-to-action.default\">\n\t\t\t\t<div class=\"elementor-widget-container\">\n\t\t\t\t\t\t\t<div class=\"elementor-cta\">\n\t\t\t\t\t<div class=\"elementor-cta__bg-wrapper\">\n\t\t\t\t<div class=\"elementor-cta__bg elementor-bg\" style=\"background-image: url(https:\/\/deu.mirex.gob.do\/consular\/hamburgo\/wp-content\/uploads\/2025\/12\/Claribel-Reyes.jpg);\" role=\"img\" aria-label=\"Claribel Reyes\"><\/div>\n\t\t\t\t<div class=\"elementor-cta__bg-overlay\"><\/div>\n\t\t\t<\/div>\n\t\t\t\t\t\t\t<div class=\"elementor-cta__content\">\n\t\t\t\t\n\t\t\t\t\t\t\t\t\t<h2 class=\"elementor-cta__title elementor-cta__content-item elementor-content-item\">\n\t\t\t\t\t\tClaribel Reyes\t\t\t\t\t<\/h2>\n\t\t\t\t\n\t\t\t\t\t\t\t\t\t<div class=\"elementor-cta__description elementor-cta__content-item elementor-content-item\">\n\t\t\t\t\t\tVicec\u00f3nsul Encargada de Secci\u00f3n Jur\u00eddica y Educaci\u00f3n\t\t\t\t\t<\/div>\n\t\t\t\t\n\t\t\t\t\t\t\t<\/div>\n\t\t\t\t\t\t<\/div>\n\t\t\t\t\t\t<\/div>\n\t\t\t\t<\/div>\n\t\t\t\t\t<\/div>\n\t\t<\/div>\n\t\t\t\t<div class=\"elementor-column elementor-col-33 elementor-inner-column elementor-element elementor-element-abcd2cc\" data-id=\"abcd2cc\" data-element_type=\"column\" data-e-type=\"column\">\n\t\t\t<div class=\"elementor-widget-wrap elementor-element-populated\">\n\t\t\t\t\t\t<div class=\"elementor-element elementor-element-b28c873 elementor-cta--valign-bottom elementor-cta--skin-classic elementor-animated-content elementor-bg-transform elementor-bg-transform-zoom-in elementor-widget elementor-widget-call-to-action\" data-id=\"b28c873\" data-element_type=\"widget\" data-e-type=\"widget\" data-widget_type=\"call-to-action.default\">\n\t\t\t\t<div class=\"elementor-widget-container\">\n\t\t\t\t\t\t\t<div class=\"elementor-cta\">\n\t\t\t\t\t<div class=\"elementor-cta__bg-wrapper\">\n\t\t\t\t<div class=\"elementor-cta__bg elementor-bg\" style=\"background-image: url(https:\/\/deu.mirex.gob.do\/consular\/hamburgo\/wp-content\/uploads\/2025\/11\/foto-leyden.jpg);\" role=\"img\" aria-label=\"foto leyden\"><\/div>\n\t\t\t\t<div class=\"elementor-cta__bg-overlay\"><\/div>\n\t\t\t<\/div>\n\t\t\t\t\t\t\t<div class=\"elementor-cta__content\">\n\t\t\t\t\n\t\t\t\t\t\t\t\t\t<h2 class=\"elementor-cta__title elementor-cta__content-item elementor-content-item\">\n\t\t\t\t\t\tLeiden Lorenzo Puesan\t\t\t\t\t<\/h2>\n\t\t\t\t\n\t\t\t\t\t\t\t\t\t<div class=\"elementor-cta__description elementor-cta__content-item elementor-content-item\">\n\t\t\t\t\t\tAuxiliar Consular Encargada de Comercio, Cultura y Comunicaci\u00f3n\t\t\t\t\t<\/div>\n\t\t\t\t\n\t\t\t\t\t\t\t<\/div>\n\t\t\t\t\t\t<\/div>\n\t\t\t\t\t\t<\/div>\n\t\t\t\t<\/div>\n\t\t\t\t\t<\/div>\n\t\t<\/div>\n\t\t\t\t\t<\/div>\n\t\t<\/section>\n\t\t\t\t<section class=\"elementor-section elementor-inner-section elementor-element elementor-element-a0b0038 elementor-section-boxed elementor-section-height-default elementor-section-height-default\" data-id=\"a0b0038\" data-element_type=\"section\" data-e-type=\"section\">\n\t\t\t\t\t\t<div class=\"elementor-container elementor-column-gap-default\">\n\t\t\t\t\t<div class=\"elementor-column elementor-col-33 elementor-inner-column elementor-element elementor-element-8659caa\" data-id=\"8659caa\" data-element_type=\"column\" data-e-type=\"column\">\n\t\t\t<div class=\"elementor-widget-wrap elementor-element-populated\">\n\t\t\t\t\t\t<div class=\"elementor-element elementor-element-e068c58 elementor-cta--valign-bottom elementor-cta--skin-classic elementor-animated-content elementor-bg-transform elementor-bg-transform-zoom-in elementor-widget elementor-widget-call-to-action\" data-id=\"e068c58\" data-element_type=\"widget\" data-e-type=\"widget\" data-widget_type=\"call-to-action.default\">\n\t\t\t\t<div class=\"elementor-widget-container\">\n\t\t\t\t\t\t\t<div class=\"elementor-cta\">\n\t\t\t\t\t<div class=\"elementor-cta__bg-wrapper\">\n\t\t\t\t<div class=\"elementor-cta__bg elementor-bg\" style=\"background-image: url(https:\/\/deu.mirex.gob.do\/consular\/hamburgo\/wp-content\/uploads\/2025\/12\/RAFAEL-HIDALGO-FOTO-INST.jpg);\" role=\"img\" aria-label=\"RAFAEL HIDALGO FOTO INST\"><\/div>\n\t\t\t\t<div class=\"elementor-cta__bg-overlay\"><\/div>\n\t\t\t<\/div>\n\t\t\t\t\t\t\t<div class=\"elementor-cta__content\">\n\t\t\t\t\n\t\t\t\t\t\t\t\t\t<h2 class=\"elementor-cta__title elementor-cta__content-item elementor-content-item\">\n\t\t\t\t\t\tSr. Rafael Hidalgo\t\t\t\t\t<\/h2>\n\t\t\t\t\n\t\t\t\t\t\t\t\t\t<div class=\"elementor-cta__description elementor-cta__content-item elementor-content-item\">\n\t\t\t\t\t\tDirector Administrativo, Financiero y Recursos Humanos.\t\t\t\t\t<\/div>\n\t\t\t\t\n\t\t\t\t\t\t\t<\/div>\n\t\t\t\t\t\t<\/div>\n\t\t\t\t\t\t<\/div>\n\t\t\t\t<\/div>\n\t\t\t\t\t<\/div>\n\t\t<\/div>\n\t\t\t\t<div class=\"elementor-column elementor-col-33 elementor-inner-column elementor-element elementor-element-7bb2363\" data-id=\"7bb2363\" data-element_type=\"column\" data-e-type=\"column\">\n\t\t\t<div class=\"elementor-widget-wrap\">\n\t\t\t\t\t\t\t<\/div>\n\t\t<\/div>\n\t\t\t\t<div class=\"elementor-column elementor-col-33 elementor-inner-column elementor-element elementor-element-95dea0c\" data-id=\"95dea0c\" data-element_type=\"column\" data-e-type=\"column\">\n\t\t\t<div class=\"elementor-widget-wrap\">\n\t\t\t\t\t\t\t<\/div>\n\t\t<\/div>\n\t\t\t\t\t<\/div>\n\t\t<\/section>\n\t\t\t\t\t<\/div>\n\t\t<\/div>\n\t\t\t\t\t<\/div>\n\t\t<\/section>\n\t\t\t\t<\/div>\n\t\t","protected":false},"excerpt":{"rendered":"<p>SOBRE NOSOTROS Perfiles de Funcionarios Est\u00e1s aqu\u00ed: Inicio \u00bb Sobre Nosotros \u00bb Perfiles de Funcionarios ENLACES DE LA SECCI\u00d3N Imprimir Correo Electr\u00f3nico Gelson Bierd Vicec\u00f3nsul Secci\u00f3n Jur\u00eddica Julio Marcano Vicec\u00f3nsul Encargado Secci\u00f3n Pasaportes Rhomer Guti\u00e9rrez Vicec\u00f3nsul Secci\u00f3n Impresi\u00f3n de Pasaportes Radhames Guti\u00e9rrez Vicec\u00f3nsul Encargado Junta Central Electoral Claribel Reyes Vicec\u00f3nsul Encargada de Secci\u00f3n Jur\u00eddica y [&hellip;]<\/p>\n","protected":false},"author":1,"featured_media":0,"parent":0,"menu_order":0,"comment_status":"closed","ping_status":"closed","template":"","meta":{"site-sidebar-layout":"no-sidebar","site-content-layout":"page-builder","ast-site-content-layout":"full-width-container","site-content-style":"unboxed","site-sidebar-style":"unboxed","ast-global-header-display":"","ast-banner-title-visibility":"","ast-main-header-display":"","ast-hfb-above-header-display":"","ast-hfb-below-header-display":"","ast-hfb-mobile-header-display":"","site-post-title":"disabled","ast-breadcrumbs-content":"","ast-featured-img":"disabled","footer-sml-layout":"","ast-disable-related-posts":"","theme-transparent-header-meta":"default","adv-header-id-meta":"","stick-header-meta":"","header-above-stick-meta":"","header-main-stick-meta":"","header-below-stick-meta":"","astra-migrate-meta-layouts":"set","ast-page-background-enabled":"default","ast-page-background-meta":{"desktop":{"background-color":"","background-image":"","background-repeat":"repeat","background-position":"center center","background-size":"auto","background-attachment":"scroll","background-type":"","background-media":"","overlay-type":"","overlay-color":"","overlay-opacity":"","overlay-gradient":""},"tablet":{"background-color":"","background-image":"","background-repeat":"repeat","background-position":"center center","background-size":"auto","background-attachment":"scroll","background-type":"","background-media":"","overlay-type":"","overlay-color":"","overlay-opacity":"","overlay-gradient":""},"mobile":{"background-color":"","background-image":"","background-repeat":"repeat","background-position":"center center","background-size":"auto","background-attachment":"scroll","background-type":"","background-media":"","overlay-type":"","overlay-color":"","overlay-opacity":"","overlay-gradient":""}},"ast-content-background-meta":{"desktop":{"background-color":"var(--ast-global-color-5)","background-image":"","background-repeat":"repeat","background-position":"center center","background-size":"auto","background-attachment":"scroll","background-type":"","background-media":"","overlay-type":"","overlay-color":"","overlay-opacity":"","overlay-gradient":""},"tablet":{"background-color":"var(--ast-global-color-5)","background-image":"","background-repeat":"repeat","background-position":"center center","background-size":"auto","background-attachment":"scroll","background-type":"","background-media":"","overlay-type":"","overlay-color":"","overlay-opacity":"","overlay-gradient":""},"mobile":{"background-color":"var(--ast-global-color-5)","background-image":"","background-repeat":"repeat","background-position":"center center","background-size":"auto","background-attachment":"scroll","background-type":"","background-media":"","overlay-type":"","overlay-color":"","overlay-opacity":"","overlay-gradient":""}},"footnotes":""},"categories":[36],"tags":[],"class_list":["post-6217","page","type-page","status-publish","hentry","category-sobre-nosotros"],"yoast_head":"<!-- This site is optimized with the Yoast SEO plugin v27.5 - https:\/\/yoast.com\/product\/yoast-seo-wordpress\/ -->\n<title>Perfiles de Funcionarios - Consulado General de la Rep\u00fablica Dominicana en Hamburgo, Alemania<\/title>\n<meta name=\"robots\" content=\"index, follow, max-snippet:-1, max-image-preview:large, max-video-preview:-1\" \/>\n<link rel=\"canonical\" href=\"https:\/\/deu.mirex.gob.do\/consular\/hamburgo\/perfiles-de-funcionarios\/\" \/>\n<meta property=\"og:locale\" content=\"en_US\" \/>\n<meta property=\"og:type\" content=\"article\" \/>\n<meta property=\"og:title\" content=\"Perfiles de Funcionarios - Consulado General de la Rep\u00fablica Dominicana en Hamburgo, Alemania\" \/>\n<meta property=\"og:description\" content=\"SOBRE NOSOTROS Perfiles de Funcionarios Est\u00e1s aqu\u00ed: Inicio \u00bb Sobre Nosotros \u00bb Perfiles de Funcionarios ENLACES DE LA SECCI\u00d3N Imprimir Correo Electr\u00f3nico Gelson Bierd Vicec\u00f3nsul Secci\u00f3n Jur\u00eddica Julio Marcano Vicec\u00f3nsul Encargado Secci\u00f3n Pasaportes Rhomer Guti\u00e9rrez Vicec\u00f3nsul Secci\u00f3n Impresi\u00f3n de Pasaportes Radhames Guti\u00e9rrez Vicec\u00f3nsul Encargado Junta Central Electoral Claribel Reyes Vicec\u00f3nsul Encargada de Secci\u00f3n Jur\u00eddica y [&hellip;]\" \/>\n<meta property=\"og:url\" content=\"https:\/\/deu.mirex.gob.do\/consular\/hamburgo\/perfiles-de-funcionarios\/\" \/>\n<meta property=\"og:site_name\" content=\"Consulado General de la Rep\u00fablica Dominicana en Hamburgo, Alemania\" \/>\n<meta property=\"article:modified_time\" content=\"2025-12-29T16:06:35+00:00\" \/>\n<meta name=\"twitter:card\" content=\"summary_large_image\" \/>\n<meta name=\"twitter:label1\" content=\"Est. reading time\" \/>\n\t<meta name=\"twitter:data1\" content=\"12 minutes\" \/>\n<script type=\"application\/ld+json\" class=\"yoast-schema-graph\">{\"@context\":\"https:\\\/\\\/schema.org\",\"@graph\":[{\"@type\":\"WebPage\",\"@id\":\"https:\\\/\\\/deu.mirex.gob.do\\\/consular\\\/hamburgo\\\/perfiles-de-funcionarios\\\/\",\"url\":\"https:\\\/\\\/deu.mirex.gob.do\\\/consular\\\/hamburgo\\\/perfiles-de-funcionarios\\\/\",\"name\":\"Perfiles de Funcionarios - Consulado General de la Rep\u00fablica Dominicana en Hamburgo, Alemania\",\"isPartOf\":{\"@id\":\"https:\\\/\\\/deu.mirex.gob.do\\\/consular\\\/hamburgo\\\/#website\"},\"datePublished\":\"2025-11-13T12:29:35+00:00\",\"dateModified\":\"2025-12-29T16:06:35+00:00\",\"breadcrumb\":{\"@id\":\"https:\\\/\\\/deu.mirex.gob.do\\\/consular\\\/hamburgo\\\/perfiles-de-funcionarios\\\/#breadcrumb\"},\"inLanguage\":\"en-US\",\"potentialAction\":[{\"@type\":\"ReadAction\",\"target\":[\"https:\\\/\\\/deu.mirex.gob.do\\\/consular\\\/hamburgo\\\/perfiles-de-funcionarios\\\/\"]}]},{\"@type\":\"BreadcrumbList\",\"@id\":\"https:\\\/\\\/deu.mirex.gob.do\\\/consular\\\/hamburgo\\\/perfiles-de-funcionarios\\\/#breadcrumb\",\"itemListElement\":[{\"@type\":\"ListItem\",\"position\":1,\"name\":\"Inicio\",\"item\":\"https:\\\/\\\/deu.mirex.gob.do\\\/consular\\\/hamburgo\\\/\"},{\"@type\":\"ListItem\",\"position\":2,\"name\":\"Perfiles de Funcionarios\"}]},{\"@type\":\"WebSite\",\"@id\":\"https:\\\/\\\/deu.mirex.gob.do\\\/consular\\\/hamburgo\\\/#website\",\"url\":\"https:\\\/\\\/deu.mirex.gob.do\\\/consular\\\/hamburgo\\\/\",\"name\":\"Consulado General de la Rep\u00fablica Dominicana en Hamburgo, Alemania\",\"description\":\"\",\"publisher\":{\"@id\":\"https:\\\/\\\/deu.mirex.gob.do\\\/consular\\\/hamburgo\\\/#organization\"},\"potentialAction\":[{\"@type\":\"SearchAction\",\"target\":{\"@type\":\"EntryPoint\",\"urlTemplate\":\"https:\\\/\\\/deu.mirex.gob.do\\\/consular\\\/hamburgo\\\/?s={search_term_string}\"},\"query-input\":{\"@type\":\"PropertyValueSpecification\",\"valueRequired\":true,\"valueName\":\"search_term_string\"}}],\"inLanguage\":\"en-US\"},{\"@type\":\"Organization\",\"@id\":\"https:\\\/\\\/deu.mirex.gob.do\\\/consular\\\/hamburgo\\\/#organization\",\"name\":\"Consulado General de la Rep\u00fablica Dominicana en Hamburgo, Alemania\",\"url\":\"https:\\\/\\\/deu.mirex.gob.do\\\/consular\\\/hamburgo\\\/\",\"logo\":{\"@type\":\"ImageObject\",\"inLanguage\":\"en-US\",\"@id\":\"https:\\\/\\\/deu.mirex.gob.do\\\/consular\\\/hamburgo\\\/#\\\/schema\\\/logo\\\/image\\\/\",\"url\":\"https:\\\/\\\/deu.mirex.gob.do\\\/consular\\\/hamburgo\\\/wp-content\\\/uploads\\\/2022\\\/04\\\/CONSULADO-Hamburgo-Alemania-RD-04.png\",\"contentUrl\":\"https:\\\/\\\/deu.mirex.gob.do\\\/consular\\\/hamburgo\\\/wp-content\\\/uploads\\\/2022\\\/04\\\/CONSULADO-Hamburgo-Alemania-RD-04.png\",\"width\":4163,\"height\":1788,\"caption\":\"Consulado General de la Rep\u00fablica Dominicana en Hamburgo, Alemania\"},\"image\":{\"@id\":\"https:\\\/\\\/deu.mirex.gob.do\\\/consular\\\/hamburgo\\\/#\\\/schema\\\/logo\\\/image\\\/\"}}]}<\/script>\n<!-- \/ Yoast SEO plugin. -->","yoast_head_json":{"title":"Perfiles de Funcionarios - Consulado General de la Rep\u00fablica Dominicana en Hamburgo, Alemania","robots":{"index":"index","follow":"follow","max-snippet":"max-snippet:-1","max-image-preview":"max-image-preview:large","max-video-preview":"max-video-preview:-1"},"canonical":"https:\/\/deu.mirex.gob.do\/consular\/hamburgo\/perfiles-de-funcionarios\/","og_locale":"en_US","og_type":"article","og_title":"Perfiles de Funcionarios - Consulado General de la Rep\u00fablica Dominicana en Hamburgo, Alemania","og_description":"SOBRE NOSOTROS Perfiles de Funcionarios Est\u00e1s aqu\u00ed: Inicio \u00bb Sobre Nosotros \u00bb Perfiles de Funcionarios ENLACES DE LA SECCI\u00d3N Imprimir Correo Electr\u00f3nico Gelson Bierd Vicec\u00f3nsul Secci\u00f3n Jur\u00eddica Julio Marcano Vicec\u00f3nsul Encargado Secci\u00f3n Pasaportes Rhomer Guti\u00e9rrez Vicec\u00f3nsul Secci\u00f3n Impresi\u00f3n de Pasaportes Radhames Guti\u00e9rrez Vicec\u00f3nsul Encargado Junta Central Electoral Claribel Reyes Vicec\u00f3nsul Encargada de Secci\u00f3n Jur\u00eddica y [&hellip;]","og_url":"https:\/\/deu.mirex.gob.do\/consular\/hamburgo\/perfiles-de-funcionarios\/","og_site_name":"Consulado General de la Rep\u00fablica Dominicana en Hamburgo, Alemania","article_modified_time":"2025-12-29T16:06:35+00:00","twitter_card":"summary_large_image","twitter_misc":{"Est. reading time":"12 minutes"},"schema":{"@context":"https:\/\/schema.org","@graph":[{"@type":"WebPage","@id":"https:\/\/deu.mirex.gob.do\/consular\/hamburgo\/perfiles-de-funcionarios\/","url":"https:\/\/deu.mirex.gob.do\/consular\/hamburgo\/perfiles-de-funcionarios\/","name":"Perfiles de Funcionarios - Consulado General de la Rep\u00fablica Dominicana en Hamburgo, Alemania","isPartOf":{"@id":"https:\/\/deu.mirex.gob.do\/consular\/hamburgo\/#website"},"datePublished":"2025-11-13T12:29:35+00:00","dateModified":"2025-12-29T16:06:35+00:00","breadcrumb":{"@id":"https:\/\/deu.mirex.gob.do\/consular\/hamburgo\/perfiles-de-funcionarios\/#breadcrumb"},"inLanguage":"en-US","potentialAction":[{"@type":"ReadAction","target":["https:\/\/deu.mirex.gob.do\/consular\/hamburgo\/perfiles-de-funcionarios\/"]}]},{"@type":"BreadcrumbList","@id":"https:\/\/deu.mirex.gob.do\/consular\/hamburgo\/perfiles-de-funcionarios\/#breadcrumb","itemListElement":[{"@type":"ListItem","position":1,"name":"Inicio","item":"https:\/\/deu.mirex.gob.do\/consular\/hamburgo\/"},{"@type":"ListItem","position":2,"name":"Perfiles de Funcionarios"}]},{"@type":"WebSite","@id":"https:\/\/deu.mirex.gob.do\/consular\/hamburgo\/#website","url":"https:\/\/deu.mirex.gob.do\/consular\/hamburgo\/","name":"Consulado General de la Rep\u00fablica Dominicana en Hamburgo, Alemania","description":"","publisher":{"@id":"https:\/\/deu.mirex.gob.do\/consular\/hamburgo\/#organization"},"potentialAction":[{"@type":"SearchAction","target":{"@type":"EntryPoint","urlTemplate":"https:\/\/deu.mirex.gob.do\/consular\/hamburgo\/?s={search_term_string}"},"query-input":{"@type":"PropertyValueSpecification","valueRequired":true,"valueName":"search_term_string"}}],"inLanguage":"en-US"},{"@type":"Organization","@id":"https:\/\/deu.mirex.gob.do\/consular\/hamburgo\/#organization","name":"Consulado General de la Rep\u00fablica Dominicana en Hamburgo, Alemania","url":"https:\/\/deu.mirex.gob.do\/consular\/hamburgo\/","logo":{"@type":"ImageObject","inLanguage":"en-US","@id":"https:\/\/deu.mirex.gob.do\/consular\/hamburgo\/#\/schema\/logo\/image\/","url":"https:\/\/deu.mirex.gob.do\/consular\/hamburgo\/wp-content\/uploads\/2022\/04\/CONSULADO-Hamburgo-Alemania-RD-04.png","contentUrl":"https:\/\/deu.mirex.gob.do\/consular\/hamburgo\/wp-content\/uploads\/2022\/04\/CONSULADO-Hamburgo-Alemania-RD-04.png","width":4163,"height":1788,"caption":"Consulado General de la Rep\u00fablica Dominicana en Hamburgo, Alemania"},"image":{"@id":"https:\/\/deu.mirex.gob.do\/consular\/hamburgo\/#\/schema\/logo\/image\/"}}]}},"_links":{"self":[{"href":"https:\/\/deu.mirex.gob.do\/consular\/hamburgo\/wp-json\/wp\/v2\/pages\/6217","targetHints":{"allow":["GET"]}}],"collection":[{"href":"https:\/\/deu.mirex.gob.do\/consular\/hamburgo\/wp-json\/wp\/v2\/pages"}],"about":[{"href":"https:\/\/deu.mirex.gob.do\/consular\/hamburgo\/wp-json\/wp\/v2\/types\/page"}],"author":[{"embeddable":true,"href":"https:\/\/deu.mirex.gob.do\/consular\/hamburgo\/wp-json\/wp\/v2\/users\/1"}],"replies":[{"embeddable":true,"href":"https:\/\/deu.mirex.gob.do\/consular\/hamburgo\/wp-json\/wp\/v2\/comments?post=6217"}],"version-history":[{"count":19,"href":"https:\/\/deu.mirex.gob.do\/consular\/hamburgo\/wp-json\/wp\/v2\/pages\/6217\/revisions"}],"predecessor-version":[{"id":6284,"href":"https:\/\/deu.mirex.gob.do\/consular\/hamburgo\/wp-json\/wp\/v2\/pages\/6217\/revisions\/6284"}],"wp:attachment":[{"href":"https:\/\/deu.mirex.gob.do\/consular\/hamburgo\/wp-json\/wp\/v2\/media?parent=6217"}],"wp:term":[{"taxonomy":"category","embeddable":true,"href":"https:\/\/deu.mirex.gob.do\/consular\/hamburgo\/wp-json\/wp\/v2\/categories?post=6217"},{"taxonomy":"post_tag","embeddable":true,"href":"https:\/\/deu.mirex.gob.do\/consular\/hamburgo\/wp-json\/wp\/v2\/tags?post=6217"}],"curies":[{"name":"wp","href":"https:\/\/api.w.org\/{rel}","templated":true}]}}